{"id":1335,"date":"2024-01-07T16:17:50","date_gmt":"2024-01-07T15:17:50","guid":{"rendered":"https:\/\/meditation-chemindesroches.be\/WP\/?post_type=mec-events&#038;p=1335"},"modified":"2024-02-20T13:53:22","modified_gmt":"2024-02-20T12:53:22","slug":"corps_voix_espace_silence","status":"publish","type":"mec-events","link":"https:\/\/www.meditation-chemindesroches.be\/WP\/events\/corps_voix_espace_silence\/","title":{"rendered":"Corps Voix Espace Silence"},"content":{"rendered":"\n<p class=\"has-text-align-center\">Avec Manuel Coley (h<a href=\"\/\/manuelcoley.jimdofree.com\" target=\"_blank\" rel=\"noreferrer noopener\">ttps:\/\/manuelcoley.jimdofree.com<\/a>)<\/p>\n\n\n\n<p class=\"has-text-align-center\">\u00ab Il faut retourner au dialogue avec l&rsquo;Esprit, il faut reprendre le chemin du silence. C&rsquo;est en cessant de faire du bruit avec nous-m\u00eame que nous entendons la musique \u00e9ternelle. \u00bb Maurice Zundel<\/p>\n\n\n\n<p class=\"has-text-align-center\">\u00ab Les pieds sur terre, la t\u00eate dans les \u00e9toiles \u00bb nous dit la tradition chinoise.<\/p>\n\n\n\n<p class=\"has-text-align-center\">\u00ab L&rsquo;homme est un arbre, trait d&rsquo;union entre le ciel et la terre, composante du grand arbre de la Cr\u00e9ation \u00bb nous dit la tradition h\u00e9bra\u00efque.<\/p>\n\n\n<div class=\"wp-block-image\">\n<figure class=\"aligncenter size-full\"><img decoding=\"async\" width=\"265\" height=\"158\" src=\"https:\/\/meditation-chemindesroches.be\/WP\/wp-content\/uploads\/2024\/01\/image.png\" alt=\"\" class=\"wp-image-1336\"\/><\/figure>\n<\/div>\n\n\n<p><\/p>\n\n\n\n<p>Cette session propose un chemin de connexion avec son \u00eatre et son espace int\u00e9rieur par l&rsquo;expression vocale, l&rsquo;expression corporelle dans\u00e9e, le qi gong, et la m\u00e9ditation silencieuse selon l&rsquo;image de l&rsquo;arbre telle que nous le pr\u00e9sentent les traditions h\u00e9bra\u00efque et chinoise.<\/p>\n\n\n\n<p>Le travail sur l&rsquo;ancrage physique, la fluidit\u00e9 du geste et la verticalit\u00e9 permettra de d\u00e9velopper et de renforcer son ancrage et son alignement int\u00e9rieur. Le partage de l&rsquo;espace ext\u00e9rieur avec l&rsquo;autre par la danse et le qi gong permettra d&rsquo;\u00e9largir et de d\u00e9sencombrer notre espace int\u00e9rieur. L&rsquo;improvisation dans\u00e9e et chant\u00e9e permettra de d\u00e9velopper la confiance en soi et la cr\u00e9ativit\u00e9.<\/p>\n\n\n\n<p>Tout cela en partant constamment du silence et en y revenant sans cesse par l&rsquo;assise silencieuse.&nbsp;<\/p>\n\n\n\n<p><br>Stage ouvert \u00e0 tous (mixte) dans la mesure des places disponibles.<\/p>\n\n\n\n<hr class=\"wp-block-separator has-css-opacity\"\/>\n\n\n\n<p><strong>Dates et lieu<\/strong>: du lundi 8 avril (19 heures) au jeudi 11 avril (16h30) \u2013 \u00e0 la Maison du Chemin des Roches<\/p>\n\n\n\n<p><strong>H\u00e9bergement&nbsp;<\/strong>: chambre double ou individuelle, nourriture v\u00e9g\u00e9tarienne, locale et bio<\/p>\n\n\n\n<p><strong>Participation aux frais<\/strong>&nbsp;: donation libre et consciente (suggestion&nbsp;: 300 euros) <\/p>\n\n\n\n<p><strong>Inscriptions <\/strong>:&nbsp;&nbsp;<a href=\"mailto:dominique.goublomme@gmail.com\">dominique.goublomme@gmail.com<\/a><\/p>\n","protected":false},"excerpt":{"rendered":"<p>Avec Manuel Coley (https:\/\/manuelcoley.jimdofree.com) \u00ab Il faut retourner au dialogue avec l&rsquo;Esprit, il faut reprendre le chemin du silence. C&rsquo;est en cessant de faire du&hellip;<\/p>\n","protected":false},"author":1,"featured_media":0,"comment_status":"closed","ping_status":"closed","template":"","tags":[],"mec_category":[41],"class_list":["post-1335","mec-events","type-mec-events","status-publish","hentry","mec_category-stage"],"_links":{"self":[{"href":"https:\/\/www.meditation-chemindesroches.be\/WP\/wp-json\/wp\/v2\/mec-events\/1335","targetHints":{"allow":["GET"]}}],"collection":[{"href":"https:\/\/www.meditation-chemindesroches.be\/WP\/wp-json\/wp\/v2\/mec-events"}],"about":[{"href":"https:\/\/www.meditation-chemindesroches.be\/WP\/wp-json\/wp\/v2\/types\/mec-events"}],"author":[{"embeddable":true,"href":"https:\/\/www.meditation-chemindesroches.be\/WP\/wp-json\/wp\/v2\/users\/1"}],"replies":[{"embeddable":true,"href":"https:\/\/www.meditation-chemindesroches.be\/WP\/wp-json\/wp\/v2\/comments?post=1335"}],"wp:attachment":[{"href":"https:\/\/www.meditation-chemindesroches.be\/WP\/wp-json\/wp\/v2\/media?parent=1335"}],"wp:term":[{"taxonomy":"post_tag","embeddable":true,"href":"https:\/\/www.meditation-chemindesroches.be\/WP\/wp-json\/wp\/v2\/tags?post=1335"},{"taxonomy":"mec_category","embeddable":true,"href":"https:\/\/www.meditation-chemindesroches.be\/WP\/wp-json\/wp\/v2\/mec_category?post=1335"}],"curies":[{"name":"wp","href":"https:\/\/api.w.org\/{rel}","templated":true}]}}